{"id":2453,"date":"2026-04-28T09:09:07","date_gmt":"2026-04-28T09:09:07","guid":{"rendered":"https:\/\/themediator.hu\/?post_type=product&#038;p=2453"},"modified":"2026-04-28T12:12:49","modified_gmt":"2026-04-28T12:12:49","slug":"piknik-szervezes","status":"publish","type":"product","link":"https:\/\/themediator.hu\/en\/product\/piknik-szervezes\/","title":{"rendered":"Piknik szervez\u00e9se"},"content":{"rendered":"","protected":false},"excerpt":{"rendered":"<p>Partner\u00fcnk az els\u0151 magyarorsz\u00e1gi franchise rendszerben m\u0171k\u00f6d\u0151 piknikszervez\u0151 v\u00e1llalkoz\u00e1sk\u00e9nt, egyed\u00fcl\u00e1ll\u00f3 \u00e9lm\u00e9nyt k\u00edn\u00e1l azoknak, akik szeretn\u00e9nek kiszakadni a mindennapi rutinb\u00f3l \u00e9s min\u0151s\u00e9gi id\u0151t t\u00f6lteni szeretteikkel. A k\u00fcl\u00f6nb\u00f6z\u0151 tematik\u00e1k \u00e9s helysz\u00ednek sz\u00e9les v\u00e1laszt\u00e9k\u00e1nak k\u00f6sz\u00f6nhet\u0151en mindenki megtal\u00e1lhatja a sz\u00e1m\u00e1ra legmegfelel\u0151bb piknik\u00e9lm\u00e9nyt.<\/p>\n<p>A v\u00e1llalkoz\u00e1s 2019 tavasz\u00e1n indult el a piknik szervez\u00e9s \u00fatj\u00e1n. Nagyon fontos sz\u00e1mukra, hogy valami k\u00fcl\u00f6nlegeset \u00e9s egyedit alkossanak a h\u00e9tk\u00f6znapok kisz\u00ednez\u00e9s\u00e9re. Tematikus piknikeik, k\u00fcl\u00f6nb\u00f6z\u0151 csomagaj\u00e1nlataik c\u00e9lja a pillanat meg\u00e9l\u00e9se egy egyszer\u0171, de m\u00e9gis ezerarc\u00fa elfoglalts\u00e1g \u00e1ltal: f\u0151szerepben egy piknikkel.<\/p>\n<div class=\"elementor-element elementor-element-00c2d8a elementor-widget-mobile__width-inherit elementor-widget elementor-widget-heading animated fadeIn\" data-id=\"00c2d8a\" data-element_type=\"widget\" data-e-type=\"widget\" data-settings=\"{&quot;plus_gsap_animation_type&quot;:&quot;none&quot;}\" data-widget_type=\"heading.default\">\n<div class=\"elementor-widget-container\">\n<h3 class=\"elementor-heading-title elementor-size-default\">Hogyan tal\u00e1ld meg a sz\u00e1modra t\u00f6k\u00e9letes pikniket?<\/h3>\n<\/div>\n<\/div>\n<div class=\"elementor-element elementor-element-79e4778 elementor-widget elementor-widget-text-editor animated fadeIn\" data-id=\"79e4778\" data-element_type=\"widget\" data-e-type=\"widget\" data-settings=\"{&quot;_animation_delay&quot;:&quot;200&quot;,&quot;plus_gsap_animation_type&quot;:&quot;none&quot;}\" data-widget_type=\"text-editor.default\">\n<div class=\"elementor-widget-container\">\n<p>Egy egyszer\u0171 kock\u00e1s takar\u00f3n is var\u00e1zslatos pillanatokat lehet \u00e1t\u00e9lni a szeretteiddel. De ha most valami igaz\u00e1n k\u00fcl\u00f6nlegesre v\u00e1gysz \u2013 ha \u00fcnnepelsz, meglepn\u00e9l valakit, vagy csak szeretn\u00e9d eml\u00e9kezetess\u00e9 tenni az alkalmat \u2013, akkor v\u00e1lassz csomagaj\u00e1nlataik k\u00f6z\u00fcl!<\/p>\n<\/div>\n<\/div>\n<div class=\"elementor-element elementor-element-1972e3b elementor-widget-mobile__width-inherit elementor-widget elementor-widget-heading animated fadeIn\" data-id=\"1972e3b\" data-element_type=\"widget\" data-e-type=\"widget\" data-settings=\"{&quot;plus_gsap_animation_type&quot;:&quot;none&quot;}\" data-widget_type=\"heading.default\">\n<div class=\"elementor-widget-container\">\n<h3 class=\"elementor-heading-title elementor-size-default\">Hogyan d\u00f6ntsd el, melyik csomag illik hozz\u00e1d?<\/h3>\n<\/div>\n<\/div>\n<div class=\"elementor-element elementor-element-e5f366a elementor-widget elementor-widget-text-editor animated fadeIn\" data-id=\"e5f366a\" data-element_type=\"widget\" data-e-type=\"widget\" data-settings=\"{&quot;_animation_delay&quot;:&quot;200&quot;,&quot;plus_gsap_animation_type&quot;:&quot;none&quot;}\" data-widget_type=\"text-editor.default\">\n<div class=\"elementor-widget-container\">\n<div dir=\"auto\">\n<div dir=\"auto\">\n<p>Fontos tudnod, hogy a dekor\u00e1ci\u00f3s elemek majdnem minden csomagban ugyanolyan gazdagok. A csomagok k\u00f6z\u00f6tti k\u00fcl\u00f6nbs\u00e9g f\u0151k\u00e9nt az eszk\u00f6z\u00f6k sz\u00e1m\u00e1ban \u00e9s m\u00e9ret\u00e9ben (p\u00e9ld\u00e1ul s\u00e1trak, naperny\u0151k), illetve a piknik id\u0151tartam\u00e1ban rejlik. Lehet, hogy 8 f\u0151re \u00e9s ugyan\u00fagy 12 f\u0151re is el\u00e9g lehet egy mini csomag, ha a csapat csak egy gyors \u00e1llom\u00e1sra v\u00e1gyik.<\/p>\n<p>A legn\u00e9pszer\u0171bb v\u00e1laszt\u00e1s a medium csomag, mert abban minden benne van, amire egy piknik sor\u00e1n csak sz\u00fcks\u00e9ged lehet. A maxi csomagot pedig azoknak aj\u00e1nlj\u00e1k, akik teljes kikapcsol\u00f3d\u00e1sra v\u00e1gynak \u2013 ak\u00e1r hosszabb id\u0151re, m\u00e1snapi elvitellel vagy exkluz\u00edv helysz\u00ednen.<\/p>\n<\/div>\n<\/div>\n<div dir=\"auto\">\n<div class=\"elementor-element elementor-element-dc13a1c elementor-widget-mobile__width-inherit elementor-widget elementor-widget-heading animated fadeIn\" data-id=\"dc13a1c\" data-element_type=\"widget\" data-e-type=\"widget\" data-settings=\"{&quot;_animation&quot;:&quot;fadeIn&quot;,&quot;plus_gsap_animation_type&quot;:&quot;none&quot;}\" data-widget_type=\"heading.default\">\n<div class=\"elementor-widget-container\">\n<h3 class=\"elementor-heading-title elementor-size-default\">Fontos tudnival\u00f3k:<\/h3>\n<p>A csomagok dekor\u00e1ci\u00f3ja minden esetben ugyanolyan gazdag. A k\u00fcl\u00f6nbs\u00e9g az id\u0151tartamban \u00e9s az eszk\u00f6zfelszerelts\u00e9gben rejlik.<\/p>\n<p>Minden piknik gondosan megtervezett, hogy val\u00f3di \u00e9lm\u00e9ny legyen.<\/p>\n<p>Jelenleg 150 f\u0151ig tud Partner\u00fcnk v\u00e1llalni pikniket klasszikus (asztal-p\u00e1rna) fel\u00e1ll\u00e1sban<\/p>\n<\/div>\n<\/div>\n<div class=\"elementor-element elementor-element-3d53ab1 elementor-align-center elementor-icon-list--layout-traditional elementor-list-item-link-full_width elementor-widget elementor-widget-icon-list\" data-id=\"3d53ab1\" data-element_type=\"widget\" data-e-type=\"widget\" data-settings=\"{&quot;plus_gsap_animation_type&quot;:&quot;none&quot;}\" data-widget_type=\"icon-list.default\">\n<div class=\"elementor-widget-container\">\n<p>30 f\u0151 felett egyedi aj\u00e1nlatk\u00e9sz\u00edt\u00e9s van.<\/p>\n<p>Itt minden piknik egyedi. A helysz\u00ednt\u0151l a dekor\u00e1ci\u00f3n \u00e1t a hangulatig mindent \u00fagy alak\u00edtanak ki, hogy az t\u00f6k\u00e9letesen illeszkedjen hozz\u00e1d \/hozz\u00e1tok. Sz\u00e1mos helysz\u00edn k\u00f6z\u00fcl lehet v\u00e1lasztani az orsz\u00e1g t\u00f6bb pontj\u00e1n.<\/p>\n<h3 class=\"elementor-heading-title elementor-size-default\" style=\"text-align: left;\">Mi\u00e9rt v\u00e1lassz piknik esk\u00fcv\u0151t?<\/h3>\n<ul style=\"text-align: left;\">\n<li>Csal\u00e1dias k\u00f6r\u00fclm\u00e9nyek<\/li>\n<\/ul>\n<\/div>\n<\/div>\n<p class=\"elementor-icon-box-description\" style=\"text-align: left;\">A piknik esk\u00fcv\u0151 ide\u00e1lis v\u00e1laszt\u00e1s, ha egy sz\u0171kebb k\u00f6r\u0171, meghitt esem\u00e9nyt szeretn\u00e9l, ahol a vend\u00e9gek k\u00f6zelebb ker\u00fclhetnek egym\u00e1shoz.<\/p>\n<ul style=\"text-align: left;\">\n<li>K\u00f6lts\u00e9ghat\u00e9kony megold\u00e1s<\/li>\n<\/ul>\n<p class=\"elementor-icon-box-description\" style=\"text-align: left;\">Egyszer\u0171, letisztult dekor\u00e1ci\u00f3, eleg\u00e1nsan \u00e9s st\u00edlusosan teremti meg \u00e1lmaid esk\u00fcv\u0151j\u00e9t an\u00e9lk\u00fcl, hogy t\u00falz\u00e1sba esn\u00e9l.<\/p>\n<ul style=\"text-align: left;\">\n<li>Boh\u00e9m \u00e9s term\u00e9szetk\u00f6zeli<\/li>\n<\/ul>\n<p class=\"elementor-icon-box-description\" style=\"text-align: left;\">Egy kerti vagy mikro esk\u00fcv\u0151 hangulata k\u00f6nnyed, szabad \u00e9s term\u00e9szetes \u2013 t\u00f6k\u00e9letes azok sz\u00e1m\u00e1ra, akik nem a hagyom\u00e1nyos esk\u00fcv\u0151k h\u00edvei.<\/p>\n<p style=\"text-align: left;\">Csak piknik dekor\u00e1ci\u00f3t szeretn\u00e9l? Esetleg teljes k\u00f6r\u0171 esk\u00fcv\u0151szervez\u00e9st? M<span style=\"font-size: 16px;\">inden megold\u00e1s l\u00e9tezik!<\/span><\/p>\n<\/div>\n<div class=\"elementor-element elementor-element-4ce1e4b elementor-widget-tablet__width-initial elementor-widget-mobile__width-inherit elementor-widget elementor-widget-heading animated fadeIn\" data-id=\"4ce1e4b\" data-element_type=\"widget\" data-e-type=\"widget\" data-settings=\"{&quot;_animation&quot;:&quot;fadeIn&quot;,&quot;plus_gsap_animation_type&quot;:&quot;none&quot;}\" data-widget_type=\"heading.default\">\n<div class=\"elementor-widget-container\">\n<h3 class=\"elementor-heading-title elementor-size-default\">De, ha csak eszk\u00f6zb\u00e9rl\u00e9sen gondolkozol, az is lehets\u00e9ges.<\/h3>\n<p><span style=\"font-size: 16px;\">T\u00f6bb mindenre is sz\u00fcks\u00e9ged lenne? \u00cdrd meg milyen eszk\u00f6z\u00f6kre lenne sz\u00fcks\u00e9ged \u00e9s mi kalkul\u00e1lunk egy csomag aj\u00e1nlatot neked!\u00a0<\/span><\/p>\n<p>Pl. \u00f3ri\u00e1s t\u00e1rsasok (jenga, XOXO, domino), s\u00e1trak, gyerekcs\u00faszd\u00e1k stb.<\/p>\n<\/div>\n<\/div>\n<div class=\"elementor-element elementor-element-be992dc elementor-widget-tablet__width-initial elementor-widget-mobile__width-inherit elementor-widget elementor-widget-text-editor animated fadeIn\" data-id=\"be992dc\" data-element_type=\"widget\" data-e-type=\"widget\" data-settings=\"{&quot;_animation&quot;:&quot;fadeIn&quot;,&quot;_animation_delay&quot;:&quot;200&quot;,&quot;plus_gsap_animation_type&quot;:&quot;none&quot;}\" data-widget_type=\"text-editor.default\">\n<div class=\"elementor-widget-container\">\n<div dir=\"auto\">B\u00e9rl\u00e9si \u00e1rainkon fel\u00fcl kisz\u00e1ll\u00e1si k\u00f6lts\u00e9g mer\u00fclhet fel.<\/div>\n<div dir=\"auto\"><\/div>\n<\/div>\n<div dir=\"auto\"><span style=\"font-size: 16px;\">L\u00e9pj vel\u00fcnk kapcsolatba, k\u00e9rj aj\u00e1nlatot!<\/span><\/div>\n<\/div>\n<div dir=\"auto\">\n<p><a href=\"https:\/\/themediator.hu\/en\/kapcsolat\/\">www.themediator.hu<\/a><\/p>\n<\/div>\n<\/div>\n<\/div>","protected":false},"featured_media":2463,"comment_status":"open","ping_status":"closed","template":"","meta":[],"_links":{"self":[{"href":"https:\/\/themediator.hu\/en\/wp-json\/wp\/v2\/product\/2453"}],"collection":[{"href":"https:\/\/themediator.hu\/en\/wp-json\/wp\/v2\/product"}],"about":[{"href":"https:\/\/themediator.hu\/en\/wp-json\/wp\/v2\/types\/product"}],"replies":[{"embeddable":true,"href":"https:\/\/themediator.hu\/en\/wp-json\/wp\/v2\/comments?post=2453"}],"wp:featuredmedia":[{"embeddable":true,"href":"https:\/\/themediator.hu\/en\/wp-json\/wp\/v2\/media\/2463"}],"wp:attachment":[{"href":"https:\/\/themediator.hu\/en\/wp-json\/wp\/v2\/media?parent=2453"}],"curies":[{"name":"wp","href":"https:\/\/api.w.org\/{rel}","templated":true}]}}